{"id":10651,"date":"2022-12-28T17:39:40","date_gmt":"2022-12-28T16:39:40","guid":{"rendered":"https:\/\/lifepath.eu\/il-tuo-percorso-formativo\/"},"modified":"2025-09-16T16:57:43","modified_gmt":"2025-09-16T14:57:43","slug":"percorso","status":"publish","type":"page","link":"https:\/\/lifepath.eu\/it\/percorso\/","title":{"rendered":"Il tuo percorso formativo"},"content":{"rendered":"\t\t<div data-elementor-type=\"wp-page\" data-elementor-id=\"10651\" class=\"elementor elementor-10651 elementor-7073\">\n\t\t\t\t\t\t<section class=\"elementor-section elementor-top-section elementor-element elementor-element-feffce5 elementor-section-boxed elementor-section-height-default elementor-section-height-default\" data-id=\"feffce5\" data-element_type=\"section\" data-e-type=\"section\">\n\t\t\t\t\t\t<div class=\"elementor-container elementor-column-gap-default\">\n\t\t\t\t\t<div class=\"elementor-column elementor-col-50 elementor-top-column elementor-element elementor-element-e6a805d\" data-id=\"e6a805d\" data-element_type=\"column\" data-e-type=\"column\">\n\t\t\t<div class=\"elementor-widget-wrap elementor-element-populated\">\n\t\t\t\t\t\t<div class=\"elementor-element elementor-element-28458e1 elementor-widget elementor-widget-text-editor\" data-id=\"28458e1\" data-element_type=\"widget\" data-e-type=\"widget\" data-widget_type=\"text-editor.default\">\n\t\t\t\t<div class=\"elementor-widget-container\">\n\t\t\t\t\t\t\t\t\t<p><img fetchpriority=\"high\" decoding=\"async\" class=\"alignright wp-image-13309 size-medium\" src=\"https:\/\/lifepath.eu\/wp-content\/uploads\/2024\/12\/My-Life-Progetta-la-tua-Vita-transparent-249x300.png\" alt=\"\" width=\"249\" height=\"300\" srcset=\"https:\/\/lifepath.eu\/wp-content\/uploads\/2024\/12\/My-Life-Progetta-la-tua-Vita-transparent-249x300.png 249w, https:\/\/lifepath.eu\/wp-content\/uploads\/2024\/12\/My-Life-Progetta-la-tua-Vita-transparent.png 471w\" sizes=\"(max-width: 249px) 100vw, 249px\" \/><\/p><p>Vorresti imparare e praticare le tecniche mentali insieme a un <b>piccolo gruppo amichevole<\/b>?<\/p><p>Vorresti <b>scambiare idee<\/b> e pensieri con altri lungo il tuo percorso di sviluppo personale?<br \/><br \/>Vorresti essere <b>accompagnato<\/b> per un periodo pi\u00f9 lungo?<br \/><br \/>Allora sei arrivato nel posto giusto!<\/p><p>Il percorso formativo &#8220;MyLiFE&#8221;, o <strong>percorso di vita<\/strong>, \u00e8 una formazione con tecniche, metodi e conoscenze del <strong>training mentale<\/strong>, della <strong>psicologia<\/strong> e delle <strong>scienze della comunicazione<\/strong>, che possono essere apprese e sperimentate insieme in un piccolo gruppo.<strong><br \/><\/strong><\/p><p>\u00a0<\/p>\t\t\t\t\t\t\t\t<\/div>\n\t\t\t\t<\/div>\n\t\t\t\t\t<\/div>\n\t\t<\/div>\n\t\t\t\t<div class=\"elementor-column elementor-col-50 elementor-top-column elementor-element elementor-element-e24876a\" data-id=\"e24876a\" data-element_type=\"column\" data-e-type=\"column\">\n\t\t\t<div class=\"elementor-widget-wrap elementor-element-populated\">\n\t\t\t\t\t\t<div class=\"elementor-element elementor-element-a10ec09 elementor-widget elementor-widget-thim-heading\" data-id=\"a10ec09\" data-element_type=\"widget\" data-e-type=\"widget\" data-widget_type=\"thim-heading.default\">\n\t\t\t\t<div class=\"elementor-widget-container\">\n\t\t\t\t\t<div class=\"sc_heading   \"><h3 class=\"title\">Sei interessat*?<\/h3><p class=\"sub-heading\" style=\"\">Allora compila il modulo sottostante! \ud83d\ude42 Riceverai un'e-mail non appena inizier\u00e0 la prossima edizione in lingua italiana.<\/p><span class=\"line\"><\/span><\/div>\t\t\t\t<\/div>\n\t\t\t\t<\/div>\n\t\t\t\t<div class=\"elementor-element elementor-element-08ec089 elementor-widget elementor-widget-html\" data-id=\"08ec089\" data-element_type=\"widget\" data-e-type=\"widget\" data-widget_type=\"html.default\">\n\t\t\t\t<div class=\"elementor-widget-container\">\n\t\t\t\t\t<iframe width=\"\" height=\"550px\" src=\"https:\/\/forms.office.com\/Pages\/ResponsePage.aspx?id=2hvYfMb8Ck2f3Xg2-Rc48nduMli32wNEhXNZnHMML-xUN1JNVUswVVAxMzRDNVRXMDFCSFlEVFZJTS4u&embed=true\" frameborder=\"0\" marginwidth=\"0\" marginheight=\"0\" style=\"border: none; max-width:100%; max-height:\" allowfullscreen webkitallowfullscreen mozallowfullscreen msallowfullscreen> <\/iframe>\t\t\t\t<\/div>\n\t\t\t\t<\/div>\n\t\t\t\t\t<\/div>\n\t\t<\/div>\n\t\t\t\t\t<\/div>\n\t\t<\/section>\n\t\t\t\t<section class=\"elementor-section elementor-top-section elementor-element elementor-element-62695f2 elementor-section-boxed elementor-section-height-default elementor-section-height-default\" data-id=\"62695f2\" data-element_type=\"section\" data-e-type=\"section\">\n\t\t\t\t\t\t<div class=\"elementor-container elementor-column-gap-default\">\n\t\t\t\t\t<div class=\"elementor-column elementor-col-100 elementor-top-column elementor-element elementor-element-059ac73\" data-id=\"059ac73\" data-element_type=\"column\" data-e-type=\"column\">\n\t\t\t<div class=\"elementor-widget-wrap elementor-element-populated\">\n\t\t\t\t\t\t<div class=\"elementor-element elementor-element-3a0fa78 elementor-widget-divider--separator-type-pattern elementor-widget-divider--no-spacing elementor-widget-divider--view-line elementor-widget elementor-widget-divider\" data-id=\"3a0fa78\" data-element_type=\"widget\" data-e-type=\"widget\" data-widget_type=\"divider.default\">\n\t\t\t\t<div class=\"elementor-widget-container\">\n\t\t\t\t\t\t\t<div class=\"elementor-divider\" style=\"--divider-pattern-url: url(&quot;data:image\/svg+xml,%3Csvg xmlns=&#039;http:\/\/www.w3.org\/2000\/svg&#039; preserveAspectRatio=&#039;xMidYMid meet&#039; overflow=&#039;visible&#039; height=&#039;100%&#039; viewBox=&#039;0 0 126 26&#039; fill=&#039;black&#039; stroke=&#039;none&#039;%3E%3Cpath d=&#039;M3,10.2c2.6,0,2.6,2,2.6,3.2S4.4,16.5,3,16.5s-3-1.4-3-3.2S0.4,10.2,3,10.2z M18.8,10.2c1.7,0,3.2,1.4,3.2,3.2s-1.4,3.2-3.2,3.2c-1.7,0-3.2-1.4-3.2-3.2S17,10.2,18.8,10.2z M34.6,10.2c1.5,0,2.6,1.4,2.6,3.2s-0.5,3.2-1.9,3.2c-1.5,0-3.4-1.4-3.4-3.2S33.1,10.2,34.6,10.2z M50.5,10.2c1.7,0,3.2,1.4,3.2,3.2s-1.4,3.2-3.2,3.2c-1.7,0-3.3-0.9-3.3-2.6S48.7,10.2,50.5,10.2z M66.2,10.2c1.5,0,3.4,1.4,3.4,3.2s-1.9,3.2-3.4,3.2c-1.5,0-2.6-0.4-2.6-2.1S64.8,10.2,66.2,10.2z M82.2,10.2c1.7,0.8,2.6,1.4,2.6,3.2s-0.1,3.2-1.6,3.2c-1.5,0-3.7-1.4-3.7-3.2S80.5,9.4,82.2,10.2zM98.6,10.2c1.5,0,2.6,0.4,2.6,2.1s-1.2,4.2-2.6,4.2c-1.5,0-3.7-0.4-3.7-2.1S97.1,10.2,98.6,10.2z M113.4,10.2c1.2,0,2.2,0.9,2.2,3.2s-0.1,3.2-1.3,3.2s-3.1-1.4-3.1-3.2S112.2,10.2,113.4,10.2z&#039;\/%3E%3C\/svg%3E&quot;);\">\n\t\t\t<span class=\"elementor-divider-separator\">\n\t\t\t\t\t\t<\/span>\n\t\t<\/div>\n\t\t\t\t\t\t<\/div>\n\t\t\t\t<\/div>\n\t\t\t\t<div class=\"elementor-element elementor-element-5e04316 elementor-widget elementor-widget-thim-heading\" data-id=\"5e04316\" data-element_type=\"widget\" data-e-type=\"widget\" data-widget_type=\"thim-heading.default\">\n\t\t\t\t<div class=\"elementor-widget-container\">\n\t\t\t\t\t<div class=\"sc_heading   \"><h3 class=\"title\">Progetta la tua vita con il training mentale!<\/h3><span class=\"line\"><\/span><\/div>\t\t\t\t<\/div>\n\t\t\t\t<\/div>\n\t\t\t\t<div class=\"elementor-element elementor-element-cb365da elementor-widget elementor-widget-text-editor\" data-id=\"cb365da\" data-element_type=\"widget\" data-e-type=\"widget\" data-widget_type=\"text-editor.default\">\n\t\t\t\t<div class=\"elementor-widget-container\">\n\t\t\t\t\t\t\t\t\t<div><img decoding=\"async\" class=\"alignright wp-image-7833 size-large\" src=\"https:\/\/lifepath.eu\/wp-content\/uploads\/2023\/02\/Beginn-1024x683.jpg\" alt=\"\" width=\"640\" height=\"427\" srcset=\"https:\/\/lifepath.eu\/wp-content\/uploads\/2023\/02\/Beginn-1024x683.jpg 1024w, https:\/\/lifepath.eu\/wp-content\/uploads\/2023\/02\/Beginn-300x200.jpg 300w, https:\/\/lifepath.eu\/wp-content\/uploads\/2023\/02\/Beginn-768x512.jpg 768w, https:\/\/lifepath.eu\/wp-content\/uploads\/2023\/02\/Beginn-1536x1024.jpg 1536w, https:\/\/lifepath.eu\/wp-content\/uploads\/2023\/02\/Beginn-2048x1365.jpg 2048w\" sizes=\"(max-width: 640px) 100vw, 640px\" \/><\/div>\n<p>Questa formazione ti d\u00e0 la possibilit\u00e0 di:<\/p>\n<ul>\n<li>Scoprire la propria personalit\u00e0,<\/li>\n<li>Conoscere e potenziare la propria forza mentale,<\/li>\n<li>Imparare a gestire le incertezze della vita,<\/li>\n<li>Prenderti cura dei tuoi sogni e delle tue idee.<\/li>\n<\/ul>\n<p>Il percorso formativo \u00e8 composto da <strong>7 moduli<\/strong>. I workshop di due giorni di ogni modulo hanno lo scopo di avviare un processo di <strong>crescita interiore<\/strong>, mentre le serate di follow-up nelle settimane tra i moduli hanno lo scopo di condividere e <strong>riflettere<\/strong> su ci\u00f2 che \u00e8 stato sperimentato e vissuto.<\/p>\n<p>Nel percorso formativo si pone l&#8217;accento sulla <b>crescita personale<\/b>, sull&#8217;<b>idoneit\u00e0 alla vita quotidiana<\/b> e la <b>consapevolezza per la vita<\/b>. \u00c8 il percorso perfetto per chi si avvicina per la prima volta al campo dello sviluppo personale e offre una visione completa di questo mondo.<\/p>\n<p><b><i>Inizia il viaggio sul sentiero della tua vita!<\/i><\/b><\/p>\n\t\t\t\t\t\t\t\t<\/div>\n\t\t\t\t<\/div>\n\t\t\t\t\t<\/div>\n\t\t<\/div>\n\t\t\t\t\t<\/div>\n\t\t<\/section>\n\t\t\t\t<section class=\"elementor-section elementor-top-section elementor-element elementor-element-ab0974a elementor-section-boxed elementor-section-height-default elementor-section-height-default\" data-id=\"ab0974a\" data-element_type=\"section\" data-e-type=\"section\">\n\t\t\t\t\t\t<div class=\"elementor-container elementor-column-gap-default\">\n\t\t\t\t\t<div class=\"elementor-column elementor-col-50 elementor-top-column elementor-element elementor-element-70bf64f\" data-id=\"70bf64f\" data-element_type=\"column\" data-e-type=\"column\">\n\t\t\t<div class=\"elementor-widget-wrap elementor-element-populated\">\n\t\t\t\t\t\t<div class=\"elementor-element elementor-element-a698ce6 elementor-widget elementor-widget-thim-heading\" data-id=\"a698ce6\" data-element_type=\"widget\" data-e-type=\"widget\" data-widget_type=\"thim-heading.default\">\n\t\t\t\t<div class=\"elementor-widget-container\">\n\t\t\t\t\t<div class=\"sc_heading   \"><h3 class=\"title\">Periodo e durata<\/h3><span class=\"line\"><\/span><\/div>\t\t\t\t<\/div>\n\t\t\t\t<\/div>\n\t\t\t\t<div class=\"elementor-element elementor-element-efbfbfa elementor-widget elementor-widget-text-editor\" data-id=\"efbfbfa\" data-element_type=\"widget\" data-e-type=\"widget\" data-widget_type=\"text-editor.default\">\n\t\t\t\t<div class=\"elementor-widget-container\">\n\t\t\t\t\t\t\t\t\t<ul><li>Ottobre 2025 &#8211; Maggio 2026<\/li><li>Prossima data <strong>ottobre 2025 <\/strong>(vedi Date)<\/li><li><b>Massimo <\/b>15 partecipanti<\/li><\/ul>\t\t\t\t\t\t\t\t<\/div>\n\t\t\t\t<\/div>\n\t\t\t\t\t<\/div>\n\t\t<\/div>\n\t\t\t\t<div class=\"elementor-column elementor-col-50 elementor-top-column elementor-element elementor-element-30067a1\" data-id=\"30067a1\" data-element_type=\"column\" data-e-type=\"column\">\n\t\t\t<div class=\"elementor-widget-wrap elementor-element-populated\">\n\t\t\t\t\t\t<div class=\"elementor-element elementor-element-f05886b elementor-widget elementor-widget-thim-heading\" data-id=\"f05886b\" data-element_type=\"widget\" data-e-type=\"widget\" data-widget_type=\"thim-heading.default\">\n\t\t\t\t<div class=\"elementor-widget-container\">\n\t\t\t\t\t<div class=\"sc_heading   \"><h3 class=\"title\">Struttura del percorso formativo<\/h3><span class=\"line\"><\/span><\/div>\t\t\t\t<\/div>\n\t\t\t\t<\/div>\n\t\t\t\t<div class=\"elementor-element elementor-element-9858ed3 elementor-widget elementor-widget-text-editor\" data-id=\"9858ed3\" data-element_type=\"widget\" data-e-type=\"widget\" data-widget_type=\"text-editor.default\">\n\t\t\t\t<div class=\"elementor-widget-container\">\n\t\t\t\t\t\t\t\t\t<ul><li><b>7 Moduli<\/b> x 1 giorno in presenza (2\u00b0 sabato del mese dalle ore 9.00 alle 17.00)<\/li><li><b>6 Incontri <\/b><strong>online<\/strong> per il lavoro di follow-up sui temi (dalle ore 18.00 alle 21.00).<\/li><li><strong>1 Incontro finale<\/strong><\/li><\/ul>\t\t\t\t\t\t\t\t<\/div>\n\t\t\t\t<\/div>\n\t\t\t\t\t<\/div>\n\t\t<\/div>\n\t\t\t\t\t<\/div>\n\t\t<\/section>\n\t\t\t\t<section class=\"elementor-section elementor-top-section elementor-element elementor-element-6e27143 elementor-section-boxed elementor-section-height-default elementor-section-height-default\" data-id=\"6e27143\" data-element_type=\"section\" data-e-type=\"section\">\n\t\t\t\t\t\t<div class=\"elementor-container elementor-column-gap-default\">\n\t\t\t\t\t<div class=\"elementor-column elementor-col-100 elementor-top-column elementor-element elementor-element-b583dd3\" data-id=\"b583dd3\" data-element_type=\"column\" data-e-type=\"column\">\n\t\t\t<div class=\"elementor-widget-wrap elementor-element-populated\">\n\t\t\t\t\t\t<div class=\"elementor-element elementor-element-aa7b458 elementor-widget elementor-widget-html\" data-id=\"aa7b458\" data-element_type=\"widget\" data-e-type=\"widget\" data-widget_type=\"html.default\">\n\t\t\t\t<div class=\"elementor-widget-container\">\n\t\t\t\t\t<div id=\"Module\"><\/div>\t\t\t\t<\/div>\n\t\t\t\t<\/div>\n\t\t\t\t\t<\/div>\n\t\t<\/div>\n\t\t\t\t\t<\/div>\n\t\t<\/section>\n\t\t\t\t<section class=\"elementor-section elementor-top-section elementor-element elementor-element-2b1ab46 elementor-section-boxed elementor-section-height-default elementor-section-height-default\" data-id=\"2b1ab46\" data-element_type=\"section\" data-e-type=\"section\">\n\t\t\t\t\t\t<div class=\"elementor-container elementor-column-gap-default\">\n\t\t\t\t\t<div class=\"elementor-column elementor-col-100 elementor-top-column elementor-element elementor-element-3d84a7d\" data-id=\"3d84a7d\" data-element_type=\"column\" data-e-type=\"column\">\n\t\t\t<div class=\"elementor-widget-wrap elementor-element-populated\">\n\t\t\t\t\t\t<div class=\"elementor-element elementor-element-72e6374 elementor-widget elementor-widget-spacer\" data-id=\"72e6374\" data-element_type=\"widget\" data-e-type=\"widget\" data-widget_type=\"spacer.default\">\n\t\t\t\t<div class=\"elementor-widget-container\">\n\t\t\t\t\t\t\t<div class=\"elementor-spacer\">\n\t\t\t<div class=\"elementor-spacer-inner\"><\/div>\n\t\t<\/div>\n\t\t\t\t\t\t<\/div>\n\t\t\t\t<\/div>\n\t\t\t\t<div class=\"elementor-element elementor-element-a96747a elementor-widget thim-widget-tab\" data-id=\"a96747a\" data-element_type=\"widget\" data-e-type=\"widget\" data-widget_type=\"thim-tab.default\">\n\t\t\t\t<div class=\"elementor-widget-container\">\n\t\t\t\t\t<ul class=\"nav nav-tabs\" role=\"tablist\"><li role=\"presentation\" class='active'style=\"width:auto !important;\" ><a href=\"#thim-widget-tab-11777217519-1-4\"  role=\"tab\" data-toggle=\"tab\">Modulo 1 - La tua personalit\u00e0<\/a><\/li><li role=\"presentation\" style=\"width:auto !important;\" ><a href=\"#thim-widget-tab-21777217519-1-4\"  role=\"tab\" data-toggle=\"tab\">Modulo 2 - La tua forza mentale<\/a><\/li><li role=\"presentation\" style=\"width:auto !important;\" ><a href=\"#thim-widget-tab-31777217519-1-4\"  role=\"tab\" data-toggle=\"tab\">Modulo 3 - La tua vita<\/a><\/li><li role=\"presentation\" style=\"width:auto !important;\" ><a href=\"#thim-widget-tab-41777217519-1-4\"  role=\"tab\" data-toggle=\"tab\">Modulo 4 - I tuoi obiettivi<\/a><\/li><li role=\"presentation\" style=\"width:auto !important;\" ><a href=\"#thim-widget-tab-51777217519-1-4\"  role=\"tab\" data-toggle=\"tab\">Modulo 5 - Le tue relazioni<\/a><\/li><li role=\"presentation\" style=\"width:auto !important;\" ><a href=\"#thim-widget-tab-61777217519-1-4\"  role=\"tab\" data-toggle=\"tab\">Modulo 6 - La tua professione<\/a><\/li><li role=\"presentation\" style=\"width:auto !important;\" ><a href=\"#thim-widget-tab-71777217519-1-4\"  role=\"tab\" data-toggle=\"tab\">Modulo 7 - Balsamo per l'anima<\/a><\/li><\/ul><div class=\"tab-content\"> <div role=\"tabpanel\" class=\"tab-pane active\" id=\"thim-widget-tab-11777217519-1-4\"><img decoding=\"async\" alt=\"Who are you\" src=\"\/wp-content\/uploads\/2023\/02\/who-are-you.jpg\" width=\"300\" height=\"100\" style=\"float:right; margin: 0px 0px\">\n\n<h2 id=\"Persoenlichkeit\">La tua personalit\u00e0<\/h2>\n\n<blockquote><em>\"La personalit\u00e0 non si forma con i bei discorsi, ma con il lavoro e le proprie azioni\".<\/em> <\/br>\u2013 Albert Einstein \u2013 <span style=\"font-size:10px\";>tradotto dal tedesco<\/span><\/blockquote> \n\nIn questo modulo svilupperai una buona comprensione della tua personalit\u00e0, che ti aiuter\u00e0 a relazionarti con le persone. Sarai in grado di osservare te stesso in modo <b>introspettivo<\/b> e di utilizzare correttamente <\/br>i tuoi punti di forza e di debolezza. In questo modo si ottiene una buona <b>fiducia in se stessi<\/b> e una sana <b>autostima<\/b>.\n<\/br><\/br>\n<b>Inhalt:<\/b>\n<ul>\n<li>La percezione<\/li>\n<li>La propria personalit\u00e0<\/li>\n<li>Coscienza e subcoscienza<\/li>\n<li>Scrigno delle risorse<\/li>\n<li>Autostima e fiducia in se stessi<\/li>\n<\/ul>\n<\/div> <div role=\"tabpanel\" class=\"tab-pane\" id=\"thim-widget-tab-21777217519-1-4\"><img loading=\"lazy\" decoding=\"async\" alt=\"Who are you\" src=\"\/wp-content\/uploads\/2023\/02\/mentale-staerke.jpg\" width=\"300\" height=\"100\" style=\"float:right; margin: 0px 0px\">\n\n<h2 id=\"St\u00e4rke\">La tua forza mentale<\/h2>\n\n<blockquote><em>\u201eFai attenzione ai tuoi <b>pensieri<\/b>, perch\u00e9  diventano parole.<\/br>\nFai attenzione alle tue <b>parole<\/b>, perch\u00e9 diventano le tue azioni.<\/br>\nFai attenzione alle tue <b>azioni<\/b>, perch\u00e9 diventano abitudini.<\/br>\nFai attenzione alle tue <b>abitudini<\/b>, perch\u00e9 le tue diventano il tuo carattere.<\/br>\nFai attenzione al tuo carattere, perch\u00e9 diventa il tuo <b>destino<\/b>.\u201c<\/em><\/br> \u2013 Talmud \u2013<\/blockquote>\n\nIl modulo aiuta a percepire i propri <b>pensieri<\/b>, a comprendere le funzioni del cervello e a imparare a <\/br>usarlo in modo efficiente. Il potente strumento \"<b>cervello<\/b>\" apre nuove possibilit\u00e0 attraverso varie tecniche per affrontare le sfide in modo migliore e pi\u00f9 creativo. L'obiettivo principale \u00e8 spostare l'attenzione dal <\/br>pensiero problematico a quello <b>orientato alla soluzione<\/b>.\n<\/br><\/br>\n<b>Contenuto:<\/b>\n<ul>\n<li>Il cervello, la memoria e l'apprendimento<\/li>\n<li>Concentrazione e creativit\u00e0<\/li>\n<li>Esercizi di training mentale<\/li>\n<li>Tecniche di lavoro creativi<\/li>\n<\/ul><\/div> <div role=\"tabpanel\" class=\"tab-pane\" id=\"thim-widget-tab-31777217519-1-4\"><img loading=\"lazy\" decoding=\"async\" alt=\"Love your life\" src=\"\/wp-content\/uploads\/2023\/02\/love-your-life.jpg\" width=\"300\" height=\"100\" style=\"float:right; margin: 0px 0px\">\n\n<h2>La tua vita<\/h2>\n\n<blockquote><em>\u201eNon \u00e8 importante aggiungere anni alla vita, ma vita agli anni \u201c<\/em><\/br>\u2013 Rita Levi Montalcini \u2013<\/blockquote> \n\nQuesto modulo offre una prima visione di come puoi prendere in mano la tua vita e modellarla <\/br>attivamente. Nel processo, si disegna insieme un filo rosso per la propria vita.\n<\/br><\/br>\n<b>Contenuto:<\/b>\n<ul>\n<li>Life Designing<\/li>\n<li>Valori e principi di vita<\/li>\n<li>Abitudini e convinzioni<\/li>\n<li>Intelligenza emotiva und altre intelligenze<\/li>\n<li>Empowerment<\/li>\n<\/ul><\/div> <div role=\"tabpanel\" class=\"tab-pane\" id=\"thim-widget-tab-41777217519-1-4\"><img loading=\"lazy\" decoding=\"async\" alt=\"Ziele\" src=\"\/wp-content\/uploads\/2023\/02\/ziele.jpg\" width=\"300\" height=\"100\" style=\"float:right; margin: 0px 0px\">\n\n<h2>I tuoi obiettivi<\/h2>\n\n<blockquote><em>\u201eLe persone con degli obiettivi hanno successo perch\u00e9 sanno dove stanno andando.\u201c<\/em><\/br>\u2013 Earl Nightingale \u2013<\/blockquote>\n\nIl modulo offre l'opportunit\u00e0 di scrivere i propri <b>sogni<\/b> e <b>desideri <\/b>sotto forma di obiettivi per dare loro <\/br>uno <b>stampo concreto<\/b>.\n<\/br><\/br>\n<b>Contenuto:<\/b>\n<ul>\n<li>Sogni e desideri = obiettivi di vita<\/li>\n<li>Lavoro sugli obiettivi<\/li>\n<li>Risorse interne ed esterne<\/li>\n<li> Visualizzazione, visione e concentrazione<\/li>\n<li>Definire le priorit\u00e0 nella vita<\/li>\n<\/ul><\/div> <div role=\"tabpanel\" class=\"tab-pane\" id=\"thim-widget-tab-51777217519-1-4\"><img loading=\"lazy\" decoding=\"async\" alt=\"Beziehungen\" src=\"\/wp-content\/uploads\/2023\/02\/beziehungen.jpg\" width=\"300\" height=\"100\" style=\"float:right; margin: 0px 0px\">\n\n<h2>Le tue relazioni<\/h2>\n\n<blockquote><em>\u201eNon permettere mai che qualcuno venga a te e vada via senza essere migliore e pi\u00f9 contento.\u201c<\/em><\/br> \u2013 Madre Teresa di Calcutta \u2013<\/blockquote>\n\nQuesto modulo tratta le diverse forme di relazione. Oggi conosciamo l'importanza delle relazioni umane, <\/br>in quanto noi esseri umani siamo <b>esseri sociali<\/b>. Relazioni nutrienti e armoniose ci aiutano a rimanere <b>mentalmente sani<\/b> ed <b>equilibrati<\/b>.\n<\/br><\/br>\n<b>Contenuto:<\/b>\n<ul>\n<li>Rapporto e comunicazione con se stessi<\/li>\n<li>Costrutti sociali: Famiglia, amicizie, relazioni di coppia, societ\u00e0\/cultura<\/li>\n<li>Comunicazione, valori e bisogni in tutti gli ambiti<\/li>\n<li>Riconoscere le relazioni tossiche<\/li>\n<\/ul><\/div> <div role=\"tabpanel\" class=\"tab-pane\" id=\"thim-widget-tab-61777217519-1-4\"><img loading=\"lazy\" decoding=\"async\" alt=\"Berufe\" src=\"\/wp-content\/uploads\/2023\/02\/berufung.png\" width=\"300\" height=\"100\" style=\"float:right; margin: 0px 0px\">\n\n<h2 Id\"Beruf\">La tua professione<\/h2>\n\n<blockquote><em>\u201eIl segreto del successo nella vita \u00e8 fare della tua vocazione il tuo divertimento.\u201c<\/em><\/br> \u2013 Mark Twain \u2013<\/blockquote>\n\nQuesto modulo ti aiuta a <b>orientarti nel mondo professionale<\/b> e ad apprendere <b>strategie di successo<\/b> <\/br> per la vita lavorativa di tutti i giorni.\n<\/br><\/br>\n<b>Contenuto:<\/b>\n<ul>\n<li> Punti di forza, competenze, valori e ideali personali<\/li>\n<li>Il lavoro perfetto<\/li>\n<li>Struttura e cultura aziendale<\/li>\n<li>Comunicazione in azienda (ruoli e feedback)<\/li>\n<li>Lavoro di squadra<\/li>\n<li>Gestione del tempo<\/li>\n<li>Ricerca attiva del lavoro (CV e colloquio) \/ freelance (biografia e colloquio con il cliente)<\/li>\n<\/ul><\/div> <div role=\"tabpanel\" class=\"tab-pane\" id=\"thim-widget-tab-71777217519-1-4\"><img loading=\"lazy\" decoding=\"async\" alt=\"Wellness f\u00fcr die Seele\" src=\"\/wp-content\/uploads\/2023\/02\/balsam-fuer-die-seele.jpg\" width=\"300\" height=\"100\" style=\"float:right; margin: 0px 0px\">\n\n<h2>Balsamo per l'anima<\/h2>\n\n<blockquote><em>\u201eSe abbiamo gioia nella vita, i momenti di felicit\u00e0 arrivano da soli.\u201c<\/em><\/br> \u2013 Ernst Ferstl \u2013  <span style=\"font-size:10px\";>tradotto dal tedesco<\/span><\/blockquote>\n\nSpesso ci sentiamo sopraffatti e non abbiamo pi\u00f9 energie. In questo modulo vengono illustrati i metodi <\/br>e la relativa teoria che ci aiutano a <b>ricaricare le batterie<\/b> e a concederci del <b>tempo per noi stessi<\/b>.\n<\/br><\/br>\n<b>Contenuto:<\/b>\n<ul>\n<li>Felicit\u00e0 e benessere<\/li>\n<li>Salutogenesi<\/li>\n<li>Confini sani e atteggiamento mentale sano<\/li>\n<li>Gestione dello stress e resilienza<\/li>\n<li>Bisogni e cura di s\u00e9<\/li>\n<li>L'influenza positiva del minimalismo sulla nostra vita<\/li>\n<\/ul><\/div><\/div>\t\t\t\t<\/div>\n\t\t\t\t<\/div>\n\t\t\t\t\t<\/div>\n\t\t<\/div>\n\t\t\t\t\t<\/div>\n\t\t<\/section>\n\t\t\t\t<section class=\"elementor-section elementor-top-section elementor-element elementor-element-0eb4082 elementor-section-boxed elementor-section-height-default elementor-section-height-default\" data-id=\"0eb4082\" data-element_type=\"section\" data-e-type=\"section\">\n\t\t\t\t\t\t<div class=\"elementor-container elementor-column-gap-default\">\n\t\t\t\t\t<div class=\"elementor-column elementor-col-50 elementor-top-column elementor-element elementor-element-6ab4eb8\" data-id=\"6ab4eb8\" data-element_type=\"column\" data-e-type=\"column\">\n\t\t\t<div class=\"elementor-widget-wrap elementor-element-populated\">\n\t\t\t\t\t\t<div class=\"elementor-element elementor-element-7fd8148 elementor-widget elementor-widget-thim-heading\" data-id=\"7fd8148\" data-element_type=\"widget\" data-e-type=\"widget\" data-widget_type=\"thim-heading.default\">\n\t\t\t\t<div class=\"elementor-widget-container\">\n\t\t\t\t\t<div class=\"sc_heading   \"><h3 class=\"title\">Costo del percorso<\/h3><span class=\"line\"><\/span><\/div>\t\t\t\t<\/div>\n\t\t\t\t<\/div>\n\t\t\t\t<div class=\"elementor-element elementor-element-0809186 elementor-widget elementor-widget-accordion\" data-id=\"0809186\" data-element_type=\"widget\" data-e-type=\"widget\" data-widget_type=\"accordion.default\">\n\t\t\t\t<div class=\"elementor-widget-container\">\n\t\t\t\t\t\t\t<div class=\"elementor-accordion\">\n\t\t\t\t\t\t\t<div class=\"elementor-accordion-item\">\n\t\t\t\t\t<div id=\"elementor-tab-title-8421\" class=\"elementor-tab-title\" data-tab=\"1\" role=\"button\" aria-controls=\"elementor-tab-content-8421\" aria-expanded=\"false\">\n\t\t\t\t\t\t\t\t\t\t\t\t\t<span class=\"elementor-accordion-icon elementor-accordion-icon-left\" aria-hidden=\"true\">\n\t\t\t\t\t\t\t\t\t\t\t\t\t\t\t<span class=\"elementor-accordion-icon-closed\"><i class=\"fas fa-plus\"><\/i><\/span>\n\t\t\t\t\t\t\t\t<span class=\"elementor-accordion-icon-opened\"><i class=\"fas fa-minus\"><\/i><\/span>\n\t\t\t\t\t\t\t\t\t\t\t\t\t\t<\/span>\n\t\t\t\t\t\t\t\t\t\t\t\t<a class=\"elementor-accordion-title\" tabindex=\"0\">Giovani adulti (18 - 30\/35 anni)<\/a>\n\t\t\t\t\t<\/div>\n\t\t\t\t\t<div id=\"elementor-tab-content-8421\" class=\"elementor-tab-content elementor-clearfix\" data-tab=\"1\" role=\"region\" aria-labelledby=\"elementor-tab-title-8421\"><p>Il focus \u00e8 sulla fascia di et\u00e0 tra i 18 e i 30 anni. Se ci sono ancora posti disponibili, possono partecipare anche persone fino ai 35 anni.<\/p><p>Se la richiesta di finanziamento del progetto presso l&#8217;Ufficio per il lavoro giovanile verr\u00e0 approvata, i costi saranno cos\u00ec suddivisi:<\/p><ul><li>50 \u20ac di quota di iscrizione, da pagare tramite bonifico bancario o Paypal (vedi dettagli nell&#8217;iscrizione).<\/li><li>Rimborso di 25 \u20ac alla fine del programma per coloro che avranno frequentato almeno il 75% del percorso formativo.<\/li><li>Rimborso di ulteriori 25 \u20ac a coloro che compileranno il questionario finale.<\/li><\/ul><p>In caso di mancata approvazione del finanziamento o di annullamento del programma, l&#8217;intero importo sar\u00e0 rimborsato.<\/p><p>Questo percorso formativo vi viene offerto grazie al supporto di:<\/p><p><img loading=\"lazy\" decoding=\"async\" class=\"alignnone size-medium wp-image-13300\" src=\"https:\/\/lifepath.eu\/wp-content\/uploads\/2024\/12\/kolping_jugend-300x108.jpg\" alt=\"\" width=\"300\" height=\"108\" srcset=\"https:\/\/lifepath.eu\/wp-content\/uploads\/2024\/12\/kolping_jugend-300x108.jpg 300w, https:\/\/lifepath.eu\/wp-content\/uploads\/2024\/12\/kolping_jugend-768x277.jpg 768w, https:\/\/lifepath.eu\/wp-content\/uploads\/2024\/12\/kolping_jugend-600x216.jpg 600w, https:\/\/lifepath.eu\/wp-content\/uploads\/2024\/12\/kolping_jugend.jpg 772w\" sizes=\"(max-width: 300px) 100vw, 300px\" \/><\/p><\/div>\n\t\t\t\t<\/div>\n\t\t\t\t\t\t\t<div class=\"elementor-accordion-item\">\n\t\t\t\t\t<div id=\"elementor-tab-title-8422\" class=\"elementor-tab-title\" data-tab=\"2\" role=\"button\" aria-controls=\"elementor-tab-content-8422\" aria-expanded=\"false\">\n\t\t\t\t\t\t\t\t\t\t\t\t\t<span class=\"elementor-accordion-icon elementor-accordion-icon-left\" aria-hidden=\"true\">\n\t\t\t\t\t\t\t\t\t\t\t\t\t\t\t<span class=\"elementor-accordion-icon-closed\"><i class=\"fas fa-plus\"><\/i><\/span>\n\t\t\t\t\t\t\t\t<span class=\"elementor-accordion-icon-opened\"><i class=\"fas fa-minus\"><\/i><\/span>\n\t\t\t\t\t\t\t\t\t\t\t\t\t\t<\/span>\n\t\t\t\t\t\t\t\t\t\t\t\t<a class=\"elementor-accordion-title\" tabindex=\"0\">Adulti (over 35)<\/a>\n\t\t\t\t\t<\/div>\n\t\t\t\t\t<div id=\"elementor-tab-content-8422\" class=\"elementor-tab-content elementor-clearfix\" data-tab=\"2\" role=\"region\" aria-labelledby=\"elementor-tab-title-8422\"><p>2.200 \u20ac (pagabili anche in 7 rate da 330 \u20ac sempre una settimana PRIMA del rispettivo modulo)<\/p><\/div>\n\t\t\t\t<\/div>\n\t\t\t\t\t\t\t<div class=\"elementor-accordion-item\">\n\t\t\t\t\t<div id=\"elementor-tab-title-8423\" class=\"elementor-tab-title\" data-tab=\"3\" role=\"button\" aria-controls=\"elementor-tab-content-8423\" aria-expanded=\"false\">\n\t\t\t\t\t\t\t\t\t\t\t\t\t<span class=\"elementor-accordion-icon elementor-accordion-icon-left\" aria-hidden=\"true\">\n\t\t\t\t\t\t\t\t\t\t\t\t\t\t\t<span class=\"elementor-accordion-icon-closed\"><i class=\"fas fa-plus\"><\/i><\/span>\n\t\t\t\t\t\t\t\t<span class=\"elementor-accordion-icon-opened\"><i class=\"fas fa-minus\"><\/i><\/span>\n\t\t\t\t\t\t\t\t\t\t\t\t\t\t<\/span>\n\t\t\t\t\t\t\t\t\t\t\t\t<a class=\"elementor-accordion-title\" tabindex=\"0\">Online (tutte le fasce d'et\u00e0)<\/a>\n\t\t\t\t\t<\/div>\n\t\t\t\t\t<div id=\"elementor-tab-content-8423\" class=\"elementor-tab-content elementor-clearfix\" data-tab=\"3\" role=\"region\" aria-labelledby=\"elementor-tab-title-8423\"><p>1.100 \u20ac<\/p><\/div>\n\t\t\t\t<\/div>\n\t\t\t\t\t\t\t\t<\/div>\n\t\t\t\t\t\t<\/div>\n\t\t\t\t<\/div>\n\t\t\t\t\t<\/div>\n\t\t<\/div>\n\t\t\t\t<div class=\"elementor-column elementor-col-50 elementor-top-column elementor-element elementor-element-b7dc07d\" data-id=\"b7dc07d\" data-element_type=\"column\" data-e-type=\"column\">\n\t\t\t<div class=\"elementor-widget-wrap elementor-element-populated\">\n\t\t\t\t\t\t<div class=\"elementor-element elementor-element-8a9c50d elementor-widget elementor-widget-thim-heading\" data-id=\"8a9c50d\" data-element_type=\"widget\" data-e-type=\"widget\" data-widget_type=\"thim-heading.default\">\n\t\t\t\t<div class=\"elementor-widget-container\">\n\t\t\t\t\t<div class=\"sc_heading   \"><h3 class=\"title\">Evento informativo<\/h3><span class=\"line\"><\/span><\/div>\t\t\t\t<\/div>\n\t\t\t\t<\/div>\n\t\t\t\t<div class=\"elementor-element elementor-element-a8e6d30 elementor-widget elementor-widget-text-editor\" data-id=\"a8e6d30\" data-element_type=\"widget\" data-e-type=\"widget\" data-widget_type=\"text-editor.default\">\n\t\t\t\t<div class=\"elementor-widget-container\">\n\t\t\t\t\t\t\t\t\t<p>L&#8217;evento informativo si svolge presso MS Teams alle ore 19.30. Puoi iscriverti a una delle serate informative qui sotto. Riceverai poi via e-mail un invito con il link alla riunione.<\/p>\t\t\t\t\t\t\t\t<\/div>\n\t\t\t\t<\/div>\n\t\t\t\t<div class=\"elementor-element elementor-element-b3aa87a elementor-button-info elementor-align-center elementor-widget elementor-widget-button\" data-id=\"b3aa87a\" data-element_type=\"widget\" data-e-type=\"widget\" data-widget_type=\"button.default\">\n\t\t\t\t<div class=\"elementor-widget-container\">\n\t\t\t\t\t\t\t\t\t<div class=\"elementor-button-wrapper\">\n\t\t\t\t\t<a class=\"elementor-button elementor-button-link elementor-size-sm\" href=\"https:\/\/forms.office.com\/e\/3E7cbLnEeS\">\n\t\t\t\t\t\t<span class=\"elementor-button-content-wrapper\">\n\t\t\t\t\t\t\t\t\t<span class=\"elementor-button-text\">Iscriviti ora alla serata informativa!<\/span>\n\t\t\t\t\t<\/span>\n\t\t\t\t\t<\/a>\n\t\t\t\t<\/div>\n\t\t\t\t\t\t\t\t<\/div>\n\t\t\t\t<\/div>\n\t\t\t\t<div class=\"elementor-element elementor-element-df2ece8 elementor-widget elementor-widget-thim-heading\" data-id=\"df2ece8\" data-element_type=\"widget\" data-e-type=\"widget\" data-widget_type=\"thim-heading.default\">\n\t\t\t\t<div class=\"elementor-widget-container\">\n\t\t\t\t\t<div class=\"sc_heading   \"><h3 class=\"title\">Date<\/h3><span class=\"line\"><\/span><\/div>\t\t\t\t<\/div>\n\t\t\t\t<\/div>\n\t\t\t\t<div class=\"elementor-element elementor-element-3553d08 elementor-widget elementor-widget-text-editor\" data-id=\"3553d08\" data-element_type=\"widget\" data-e-type=\"widget\" data-widget_type=\"text-editor.default\">\n\t\t\t\t<div class=\"elementor-widget-container\">\n\t\t\t\t\t\t\t\t\t<p>Le nuove date usciranno a marzo 2026. Sei vuoi rimanere informato compila il modulo.<\/p>\t\t\t\t\t\t\t\t<\/div>\n\t\t\t\t<\/div>\n\t\t\t\t<div class=\"elementor-element elementor-element-7af64e4 elementor-button-info elementor-align-center elementor-widget elementor-widget-button\" data-id=\"7af64e4\" data-element_type=\"widget\" data-e-type=\"widget\" data-widget_type=\"button.default\">\n\t\t\t\t<div class=\"elementor-widget-container\">\n\t\t\t\t\t\t\t\t\t<div class=\"elementor-button-wrapper\">\n\t\t\t\t\t<a class=\"elementor-button elementor-button-link elementor-size-sm\" href=\"https:\/\/forms.office.com\/e\/SCW4tm9M7A\">\n\t\t\t\t\t\t<span class=\"elementor-button-content-wrapper\">\n\t\t\t\t\t\t\t\t\t<span class=\"elementor-button-text\">Tienimi aggiornato!<\/span>\n\t\t\t\t\t<\/span>\n\t\t\t\t\t<\/a>\n\t\t\t\t<\/div>\n\t\t\t\t\t\t\t\t<\/div>\n\t\t\t\t<\/div>\n\t\t\t\t<div class=\"elementor-element elementor-element-a870f56 elementor-widget elementor-widget-thim-heading\" data-id=\"a870f56\" data-element_type=\"widget\" data-e-type=\"widget\" data-widget_type=\"thim-heading.default\">\n\t\t\t\t<div class=\"elementor-widget-container\">\n\t\t\t\t\t<div class=\"sc_heading   \"><h3 class=\"title\">Luogo<\/h3><span class=\"line\"><\/span><\/div>\t\t\t\t<\/div>\n\t\t\t\t<\/div>\n\t\t\t\t<div class=\"elementor-element elementor-element-cd1fe67 elementor-widget elementor-widget-text-editor\" data-id=\"cd1fe67\" data-element_type=\"widget\" data-e-type=\"widget\" data-widget_type=\"text-editor.default\">\n\t\t\t\t<div class=\"elementor-widget-container\">\n\t\t\t\t\t\t\t\t\t<p><strong>Casa Kolping Bolzano<\/strong>, Via A. Kolping n. 3, 39100 Bolzano<\/p>\t\t\t\t\t\t\t\t<\/div>\n\t\t\t\t<\/div>\n\t\t\t\t\t<\/div>\n\t\t<\/div>\n\t\t\t\t\t<\/div>\n\t\t<\/section>\n\t\t\t\t<section class=\"elementor-section elementor-top-section elementor-element elementor-element-ddce0f9 elementor-section-boxed elementor-section-height-default elementor-section-height-default\" data-id=\"ddce0f9\" data-element_type=\"section\" data-e-type=\"section\">\n\t\t\t\t\t\t<div class=\"elementor-container elementor-column-gap-default\">\n\t\t\t\t\t<div class=\"elementor-column elementor-col-100 elementor-top-column elementor-element elementor-element-08fe5c3\" data-id=\"08fe5c3\" data-element_type=\"column\" data-e-type=\"column\">\n\t\t\t<div class=\"elementor-widget-wrap elementor-element-populated\">\n\t\t\t\t\t\t<div class=\"elementor-element elementor-element-6166855 elementor-widget elementor-widget-thim-heading\" data-id=\"6166855\" data-element_type=\"widget\" data-e-type=\"widget\" data-widget_type=\"thim-heading.default\">\n\t\t\t\t<div class=\"elementor-widget-container\">\n\t\t\t\t\t<div class=\"sc_heading   \"><h3 class=\"title\">Sul percorso formativo<\/h3><span class=\"line\"><\/span><\/div>\t\t\t\t<\/div>\n\t\t\t\t<\/div>\n\t\t\t\t<div class=\"elementor-element elementor-element-9f9476e elementor-widget elementor-widget-text-editor\" data-id=\"9f9476e\" data-element_type=\"widget\" data-e-type=\"widget\" data-widget_type=\"text-editor.default\">\n\t\t\t\t<div class=\"elementor-widget-container\">\n\t\t\t\t\t\t\t\t\t<p><img loading=\"lazy\" decoding=\"async\" class=\"alignright\" src=\"https:\/\/lifepath.eu\/wp-content\/uploads\/2023\/06\/MindMap-300x188.png\" alt=\"\" width=\"300\" height=\"188\" \/>Il progetto <b>MyLiFE<\/b> (&#8220;La mia vita&#8221;) \u00e8 stato creato nel 2017 dopo la mia formazione da mental coach e, non solo ha continuato a svilupparsi dallo schizzo originale del mind-mapping, ma si \u00e8 anche ampliato tanto. Alla fine, il progetto non \u00e8 rimasto solo uno scarabocchio colorato nel mio OneNote, ma \u00e8 diventato e continua a diventare sempre pi\u00f9 una realt\u00e0.<\/p><p>Cos\u00ec hai davanti a te una forma di questo progetto, come un percorso formativo di un anno che ti accompagna attraverso le sfide del <b>tuo viaggio di vita<\/b>. Seguiranno altre forme, come corsi online o un libro di lavoro. &#8220;MyLife&#8221; vuole indicare in questo caso la propria vita individuale.<\/p>\t\t\t\t\t\t\t\t<\/div>\n\t\t\t\t<\/div>\n\t\t\t\t<div class=\"elementor-element elementor-element-e10b87e elementor-widget elementor-widget-thim-heading\" data-id=\"e10b87e\" data-element_type=\"widget\" data-e-type=\"widget\" data-widget_type=\"thim-heading.default\">\n\t\t\t\t<div class=\"elementor-widget-container\">\n\t\t\t\t\t<div class=\"sc_heading   \"><h3 class=\"title\">Sei interessat*?<\/h3><p class=\"sub-heading\" style=\"\">Allora compila il modulo sottostante! \ud83d\ude42 Riceverai un'e-mail non appena inizier\u00e0 la prossima edizione in lingua italiana.<\/p><span class=\"line\"><\/span><\/div>\t\t\t\t<\/div>\n\t\t\t\t<\/div>\n\t\t\t\t<div class=\"elementor-element elementor-element-788d2f0 elementor-widget elementor-widget-html\" data-id=\"788d2f0\" data-element_type=\"widget\" data-e-type=\"widget\" data-widget_type=\"html.default\">\n\t\t\t\t<div class=\"elementor-widget-container\">\n\t\t\t\t\t<iframe width=\"640px\" height=\"1550px\" src=\"https:\/\/forms.office.com\/Pages\/ResponsePage.aspx?id=2hvYfMb8Ck2f3Xg2-Rc48nduMli32wNEhXNZnHMML-xUN1JNVUswVVAxMzRDNVRXMDFCSFlEVFZJTS4u&amp;embed=true\" frameborder=\"0\" marginwidth=\"0\" marginheight=\"0\" style=\"border: none; max-width:100%; max-height:\" allowfullscreen=\"\" webkitallowfullscreen=\"\" mozallowfullscreen=\"\" msallowfullscreen=\"\"> <\/iframe>\t\t\t\t<\/div>\n\t\t\t\t<\/div>\n\t\t\t\t\t<\/div>\n\t\t<\/div>\n\t\t\t\t\t<\/div>\n\t\t<\/section>\n\t\t\t\t<\/div>\n\t\t","protected":false},"excerpt":{"rendered":"<p>Vorresti imparare e praticare le tecniche mentali insieme a un piccolo gruppo amichevole? Vorresti scambiare idee e pensieri con altri lungo il tuo percorso di sviluppo personale? Vorresti essere accompagnato per un periodo pi\u00f9 lungo? Allora sei arrivato nel posto [&hellip;]<\/p>\n","protected":false},"author":2,"featured_media":0,"parent":0,"menu_order":0,"comment_status":"closed","ping_status":"closed","template":"","meta":{"footnotes":""},"class_list":["post-10651","page","type-page","status-publish","hentry"],"yoast_head":"<!-- This site is optimized with the Yoast SEO plugin v27.4 - https:\/\/yoast.com\/product\/yoast-seo-wordpress\/ -->\n<title>Il tuo percorso formativo - Il training mentale come stile di vita<\/title>\n<meta name=\"robots\" content=\"index, follow, max-snippet:-1, max-image-preview:large, max-video-preview:-1\" \/>\n<link rel=\"canonical\" href=\"https:\/\/lifepath.eu\/it\/percorso\/\" \/>\n<meta property=\"og:locale\" content=\"it_IT\" \/>\n<meta property=\"og:type\" content=\"article\" \/>\n<meta property=\"og:title\" content=\"Il tuo percorso formativo - Il training mentale come stile di vita\" \/>\n<meta property=\"og:description\" content=\"Vorresti imparare e praticare le tecniche mentali insieme a un piccolo gruppo amichevole? Vorresti scambiare idee e pensieri con altri lungo il tuo percorso di sviluppo personale? Vorresti essere accompagnato per un periodo pi\u00f9 lungo? Allora sei arrivato nel posto [&hellip;]\" \/>\n<meta property=\"og:url\" content=\"https:\/\/lifepath.eu\/it\/percorso\/\" \/>\n<meta property=\"og:site_name\" content=\"Il training mentale come stile di vita\" \/>\n<meta property=\"article:publisher\" content=\"https:\/\/www.facebook.com\/lifepath.eu\/\" \/>\n<meta property=\"article:modified_time\" content=\"2025-09-16T14:57:43+00:00\" \/>\n<meta property=\"og:image\" content=\"https:\/\/lifepath.eu\/wp-content\/uploads\/2024\/12\/My-Life-Progetta-la-tua-Vita-transparent.png\" \/>\n\t<meta property=\"og:image:width\" content=\"471\" \/>\n\t<meta property=\"og:image:height\" content=\"567\" \/>\n\t<meta property=\"og:image:type\" content=\"image\/png\" \/>\n<meta name=\"twitter:card\" content=\"summary_large_image\" \/>\n<meta name=\"twitter:label1\" content=\"Tempo di lettura stimato\" \/>\n\t<meta name=\"twitter:data1\" content=\"9 minuti\" \/>\n<script type=\"application\/ld+json\" class=\"yoast-schema-graph\">{\"@context\":\"https:\\\/\\\/schema.org\",\"@graph\":[{\"@type\":\"WebPage\",\"@id\":\"https:\\\/\\\/lifepath.eu\\\/it\\\/percorso\\\/\",\"url\":\"https:\\\/\\\/lifepath.eu\\\/it\\\/percorso\\\/\",\"name\":\"Il tuo percorso formativo - Il training mentale come stile di vita\",\"isPartOf\":{\"@id\":\"https:\\\/\\\/lifepath.eu\\\/it\\\/#website\"},\"primaryImageOfPage\":{\"@id\":\"https:\\\/\\\/lifepath.eu\\\/it\\\/percorso\\\/#primaryimage\"},\"image\":{\"@id\":\"https:\\\/\\\/lifepath.eu\\\/it\\\/percorso\\\/#primaryimage\"},\"thumbnailUrl\":\"https:\\\/\\\/lifepath.eu\\\/wp-content\\\/uploads\\\/2024\\\/12\\\/My-Life-Progetta-la-tua-Vita-transparent-249x300.png\",\"datePublished\":\"2022-12-28T16:39:40+00:00\",\"dateModified\":\"2025-09-16T14:57:43+00:00\",\"breadcrumb\":{\"@id\":\"https:\\\/\\\/lifepath.eu\\\/it\\\/percorso\\\/#breadcrumb\"},\"inLanguage\":\"it-IT\",\"potentialAction\":[{\"@type\":\"ReadAction\",\"target\":[\"https:\\\/\\\/lifepath.eu\\\/it\\\/percorso\\\/\"]}]},{\"@type\":\"ImageObject\",\"inLanguage\":\"it-IT\",\"@id\":\"https:\\\/\\\/lifepath.eu\\\/it\\\/percorso\\\/#primaryimage\",\"url\":\"https:\\\/\\\/lifepath.eu\\\/wp-content\\\/uploads\\\/2024\\\/12\\\/My-Life-Progetta-la-tua-Vita-transparent-249x300.png\",\"contentUrl\":\"https:\\\/\\\/lifepath.eu\\\/wp-content\\\/uploads\\\/2024\\\/12\\\/My-Life-Progetta-la-tua-Vita-transparent-249x300.png\"},{\"@type\":\"BreadcrumbList\",\"@id\":\"https:\\\/\\\/lifepath.eu\\\/it\\\/percorso\\\/#breadcrumb\",\"itemListElement\":[{\"@type\":\"ListItem\",\"position\":1,\"name\":\"Startseite\",\"item\":\"https:\\\/\\\/lifepath.eu\\\/it\\\/\"},{\"@type\":\"ListItem\",\"position\":2,\"name\":\"Il tuo percorso formativo\"}]},{\"@type\":\"WebSite\",\"@id\":\"https:\\\/\\\/lifepath.eu\\\/it\\\/#website\",\"url\":\"https:\\\/\\\/lifepath.eu\\\/it\\\/\",\"name\":\"Il training mentale come stile di vita\",\"description\":\"Il tuo sviluppo personale\",\"publisher\":{\"@id\":\"https:\\\/\\\/lifepath.eu\\\/it\\\/#organization\"},\"potentialAction\":[{\"@type\":\"SearchAction\",\"target\":{\"@type\":\"EntryPoint\",\"urlTemplate\":\"https:\\\/\\\/lifepath.eu\\\/it\\\/?s={search_term_string}\"},\"query-input\":{\"@type\":\"PropertyValueSpecification\",\"valueRequired\":true,\"valueName\":\"search_term_string\"}}],\"inLanguage\":\"it-IT\"},{\"@type\":\"Organization\",\"@id\":\"https:\\\/\\\/lifepath.eu\\\/it\\\/#organization\",\"name\":\"Lifepath\",\"url\":\"https:\\\/\\\/lifepath.eu\\\/it\\\/\",\"logo\":{\"@type\":\"ImageObject\",\"inLanguage\":\"it-IT\",\"@id\":\"https:\\\/\\\/lifepath.eu\\\/it\\\/#\\\/schema\\\/logo\\\/image\\\/\",\"url\":\"https:\\\/\\\/lifepath.eu\\\/wp-content\\\/uploads\\\/2023\\\/02\\\/LIFEPATH-LOGO-final.png\",\"contentUrl\":\"https:\\\/\\\/lifepath.eu\\\/wp-content\\\/uploads\\\/2023\\\/02\\\/LIFEPATH-LOGO-final.png\",\"width\":388,\"height\":266,\"caption\":\"Lifepath\"},\"image\":{\"@id\":\"https:\\\/\\\/lifepath.eu\\\/it\\\/#\\\/schema\\\/logo\\\/image\\\/\"},\"sameAs\":[\"https:\\\/\\\/www.facebook.com\\\/lifepath.eu\\\/\",\"https:\\\/\\\/www.instagram.com\\\/lifepath.eu\\\/\"]}]}<\/script>\n<!-- \/ Yoast SEO plugin. -->","yoast_head_json":{"title":"Il tuo percorso formativo - Il training mentale come stile di vita","robots":{"index":"index","follow":"follow","max-snippet":"max-snippet:-1","max-image-preview":"max-image-preview:large","max-video-preview":"max-video-preview:-1"},"canonical":"https:\/\/lifepath.eu\/it\/percorso\/","og_locale":"it_IT","og_type":"article","og_title":"Il tuo percorso formativo - Il training mentale come stile di vita","og_description":"Vorresti imparare e praticare le tecniche mentali insieme a un piccolo gruppo amichevole? Vorresti scambiare idee e pensieri con altri lungo il tuo percorso di sviluppo personale? Vorresti essere accompagnato per un periodo pi\u00f9 lungo? Allora sei arrivato nel posto [&hellip;]","og_url":"https:\/\/lifepath.eu\/it\/percorso\/","og_site_name":"Il training mentale come stile di vita","article_publisher":"https:\/\/www.facebook.com\/lifepath.eu\/","article_modified_time":"2025-09-16T14:57:43+00:00","og_image":[{"width":471,"height":567,"url":"https:\/\/lifepath.eu\/wp-content\/uploads\/2024\/12\/My-Life-Progetta-la-tua-Vita-transparent.png","type":"image\/png"}],"twitter_card":"summary_large_image","twitter_misc":{"Tempo di lettura stimato":"9 minuti"},"schema":{"@context":"https:\/\/schema.org","@graph":[{"@type":"WebPage","@id":"https:\/\/lifepath.eu\/it\/percorso\/","url":"https:\/\/lifepath.eu\/it\/percorso\/","name":"Il tuo percorso formativo - Il training mentale come stile di vita","isPartOf":{"@id":"https:\/\/lifepath.eu\/it\/#website"},"primaryImageOfPage":{"@id":"https:\/\/lifepath.eu\/it\/percorso\/#primaryimage"},"image":{"@id":"https:\/\/lifepath.eu\/it\/percorso\/#primaryimage"},"thumbnailUrl":"https:\/\/lifepath.eu\/wp-content\/uploads\/2024\/12\/My-Life-Progetta-la-tua-Vita-transparent-249x300.png","datePublished":"2022-12-28T16:39:40+00:00","dateModified":"2025-09-16T14:57:43+00:00","breadcrumb":{"@id":"https:\/\/lifepath.eu\/it\/percorso\/#breadcrumb"},"inLanguage":"it-IT","potentialAction":[{"@type":"ReadAction","target":["https:\/\/lifepath.eu\/it\/percorso\/"]}]},{"@type":"ImageObject","inLanguage":"it-IT","@id":"https:\/\/lifepath.eu\/it\/percorso\/#primaryimage","url":"https:\/\/lifepath.eu\/wp-content\/uploads\/2024\/12\/My-Life-Progetta-la-tua-Vita-transparent-249x300.png","contentUrl":"https:\/\/lifepath.eu\/wp-content\/uploads\/2024\/12\/My-Life-Progetta-la-tua-Vita-transparent-249x300.png"},{"@type":"BreadcrumbList","@id":"https:\/\/lifepath.eu\/it\/percorso\/#breadcrumb","itemListElement":[{"@type":"ListItem","position":1,"name":"Startseite","item":"https:\/\/lifepath.eu\/it\/"},{"@type":"ListItem","position":2,"name":"Il tuo percorso formativo"}]},{"@type":"WebSite","@id":"https:\/\/lifepath.eu\/it\/#website","url":"https:\/\/lifepath.eu\/it\/","name":"Il training mentale come stile di vita","description":"Il tuo sviluppo personale","publisher":{"@id":"https:\/\/lifepath.eu\/it\/#organization"},"potentialAction":[{"@type":"SearchAction","target":{"@type":"EntryPoint","urlTemplate":"https:\/\/lifepath.eu\/it\/?s={search_term_string}"},"query-input":{"@type":"PropertyValueSpecification","valueRequired":true,"valueName":"search_term_string"}}],"inLanguage":"it-IT"},{"@type":"Organization","@id":"https:\/\/lifepath.eu\/it\/#organization","name":"Lifepath","url":"https:\/\/lifepath.eu\/it\/","logo":{"@type":"ImageObject","inLanguage":"it-IT","@id":"https:\/\/lifepath.eu\/it\/#\/schema\/logo\/image\/","url":"https:\/\/lifepath.eu\/wp-content\/uploads\/2023\/02\/LIFEPATH-LOGO-final.png","contentUrl":"https:\/\/lifepath.eu\/wp-content\/uploads\/2023\/02\/LIFEPATH-LOGO-final.png","width":388,"height":266,"caption":"Lifepath"},"image":{"@id":"https:\/\/lifepath.eu\/it\/#\/schema\/logo\/image\/"},"sameAs":["https:\/\/www.facebook.com\/lifepath.eu\/","https:\/\/www.instagram.com\/lifepath.eu\/"]}]}},"_links":{"self":[{"href":"https:\/\/lifepath.eu\/it\/wp-json\/wp\/v2\/pages\/10651","targetHints":{"allow":["GET"]}}],"collection":[{"href":"https:\/\/lifepath.eu\/it\/wp-json\/wp\/v2\/pages"}],"about":[{"href":"https:\/\/lifepath.eu\/it\/wp-json\/wp\/v2\/types\/page"}],"author":[{"embeddable":true,"href":"https:\/\/lifepath.eu\/it\/wp-json\/wp\/v2\/users\/2"}],"replies":[{"embeddable":true,"href":"https:\/\/lifepath.eu\/it\/wp-json\/wp\/v2\/comments?post=10651"}],"version-history":[{"count":46,"href":"https:\/\/lifepath.eu\/it\/wp-json\/wp\/v2\/pages\/10651\/revisions"}],"predecessor-version":[{"id":15016,"href":"https:\/\/lifepath.eu\/it\/wp-json\/wp\/v2\/pages\/10651\/revisions\/15016"}],"wp:attachment":[{"href":"https:\/\/lifepath.eu\/it\/wp-json\/wp\/v2\/media?parent=10651"}],"curies":[{"name":"wp","href":"https:\/\/api.w.org\/{rel}","templated":true}]}}